{"id":1002,"date":"2015-07-07T13:24:48","date_gmt":"2015-07-07T13:24:48","guid":{"rendered":"https:\/\/parafiatokarnia.pl\/?page_id=1002"},"modified":"2015-07-17T20:43:52","modified_gmt":"2015-07-17T20:43:52","slug":"historia-tokarni","status":"publish","type":"page","link":"https:\/\/parafiatokarnia.pl\/?page_id=1002","title":{"rendered":"Historia Tokarni"},"content":{"rendered":"<p style=\"text-align: justify;\">W odleg\u0142ych czasach szumia\u0142y tu rozleg\u0142e puszcze, przez kt\u00f3re przebiega\u0142 wa\u017cny szklak handlowy, zwany \u201eDrog\u0105 polsk\u0105\u201d, wiod\u0105cy z Krakowa przez My\u015blenice, Jordan\u00f3w, nast\u0119pnie \u201eprze\u0142\u0119cz\u0105 Spytkowieck\u0105\u201d do s\u0105siednich W\u0119gier.<br \/>\nT\u0105 drog\u0105 szli Tatarzy podczas pierwszego napadu na Polsk\u0119. Zaludnienie lesistych po\u0142aci odbywa\u0142o si\u0119 powoli, poniewa\u017c kamienista gleba nie n\u0119ci\u0142a osadnik\u00f3w do kolonizacji. Pierwsi mieszka\u0144cy tych teren\u00f3w zajmowali si\u0119 hodowl\u0105 byd\u0142a, bartnictwem, \u0142owiectwem, wyr\u0119bem drzew i nieco upraw\u0105 roli na wykarczowanych polanach.<br \/>\nWed\u0142ug rejestru z 1581 roku Tokarnia liczy\u0142a: dwunastu zagrodnik\u00f3w z rol\u0105, sze\u015bciu komornik\u00f3w z byd\u0142em, pi\u0119ciu bez byd\u0142a i jednego tracza. Wi\u0119cier\u017ca (nosz\u0105ca pierwotn\u0105 nazw\u0119 Wieczerza) posiada\u0142a sze\u015b\u0107 \u0142an\u00f3w kmiecych, dw\u00f3ch zagrodnik\u00f3w z rol\u0105 i trzech komornik\u00f3w z byd\u0142em.<br \/>\nOko\u0142o 1500 roku tereny te nale\u017ca\u0142y do mo\u017cnego magnata Miko\u0142aja Jordana herbu Trzy Tr\u0105by, kasztelana wojnickiego i w\u00f3jta my\u015blenickiego.<br \/>\nW roku 1548 roku Wawrzyniec Spytek Jordan, syn Miko\u0142aja Jordana obejmuje w\u00f3jtostwo my\u015blenickie, b\u0119d\u0105c ponadto kasztelanem s\u0105deckim, wojewod\u0105 sandomierskim, krakowskim i podskarbim koronnym. By\u0142 to cz\u0142owiek na owe czasy niezwykle wykszta\u0142cony, mi\u0142o\u015bnik sztuki, fundator kilku ko\u015bcio\u0142\u00f3w, kolonizator ca\u0142ej okolicy. Zapisa\u0142 si\u0119 w historii jako hojny darczy\u0144ca wspieraj\u0105cy wiele dzie\u0142 charytatywnych zar\u00f3wno religijnych, jak i narodowych. Zmar\u0142 w Moglianach dnia 11 marca 1568 roku maj\u0105c zaledwie 50 lat. Zosta\u0142 pochowany w rodzinnym grobowcu w ko\u015bciele \u015bw. Katarzyny w Krakowie.<br \/>\nNast\u0119pnie przez jaki\u015b czas Tokarnia i Wi\u0119cier\u017ca pozostawa\u0142y w r\u0119kach Anny z Sieniawskich Jordanowej, c\u00f3rki wielkiego hetmana koronnego i \u017cony Kacpra Zebrzydowskiego, wojewody kaliskiego. Dzi\u0119ki ma\u0142\u017ce\u0144stwu Anny z Kacprem Zebrzydowskim obie wsie nale\u017ca\u0142y do fundator\u00f3w Kalwarii Zebrzydowskiej.<br \/>\nOko\u0142o 1630 roku z nieznanych powod\u00f3w przechodz\u0105 w r\u0119ce Andrzeja Karnkowskiego. Po jakim\u015b czasie Tokarnia wraz z Wi\u0119cier\u017c\u0105 i Skomieln\u0105 Czarn\u0105 staj\u0105 si\u0119 dziedzictwem rodziny \u0141odzi\u0144skich herbu Radwan de Chor\u0105gwica.<br \/>\nOd roku 1700 wsiami zarz\u0105dza Miko\u0142aj \u0141odzi\u0144ski, burgrabia krakowski, a od 1804 roku, z chwil\u0105 \u015blubu Anny z \u0141odzi\u0144skich z Janem Kantem Targowskim herbu Tarnawa, by\u0142ym adiutantem Tadeusza Ko\u015bciuszki, staj\u0105 si\u0119 one w\u0142asno\u015bci\u0105 rodu Targowskich, kt\u00f3rzy blisko p\u00f3\u0142tora wieku przebywaj\u0105 na terenie Tokarni i Wi\u0119cier\u017cy, opiekuj\u0105c si\u0119 kaplic\u0105.<br \/>\nWed\u0142ug Wincentego Pola tutejsza ludno\u015b\u0107 zalicza si\u0119 do g\u00f3rali babiog\u00f3rskich.<br \/>\nNa przestrzeni wiek\u00f3w spo\u0142eczno\u015b\u0107 lokalna by\u0142a \u015bwiadkiem wielu dramatycznych wydarze\u0144.<br \/>\nW latach 1624, 1652 i 1701 szalej\u0105 w tej okolicy r\u00f3\u017cnego rodzaju zarazy. Najtragiczniejsza z nich, spot\u0119gowana g\u0142odem mia\u0142a miejsce po rzezi galicyjskiej w 1847 roku. Z parafii, kt\u00f3ra w\u00f3wczas liczy\u0142a 1300 os\u00f3b w samej Tokarni umar\u0142o 168 os\u00f3b, a w Wi\u0119cier\u017cy 199 os\u00f3b.<br \/>\nW czasie wojen \u015bwiatowych wielu mieszka\u0144c\u00f3w zgin\u0119\u0142o w obronie Boga i Ojczyzny.<\/p>\n","protected":false},"excerpt":{"rendered":"<p>W odleg\u0142ych czasach szumia\u0142y tu rozleg\u0142e puszcze, przez kt\u00f3re przebiega\u0142 wa\u017cny szklak handlowy, zwany \u201eDrog\u0105 polsk\u0105\u201d, wiod\u0105cy z Krakowa przez My\u015blenice, Jordan\u00f3w, nast\u0119pnie \u201eprze\u0142\u0119cz\u0105 Spytkowieck\u0105\u201d do s\u0105siednich W\u0119gier. T\u0105 drog\u0105 szli Tatarzy podczas pierwszego napadu na Polsk\u0119. Zaludnienie lesistych po\u0142aci odbywa\u0142o si\u0119 powoli, poniewa\u017c kamienista gleba nie n\u0119ci\u0142a osadnik\u00f3w do kolonizacji. Pierwsi mieszka\u0144cy tych teren\u00f3w [&hellip;]<\/p>\n","protected":false},"author":2,"featured_media":0,"parent":149,"menu_order":0,"comment_status":"closed","ping_status":"open","template":"","meta":{"footnotes":""},"class_list":["post-1002","page","type-page","status-publish","hentry"],"_links":{"self":[{"href":"https:\/\/parafiatokarnia.pl\/index.php?rest_route=\/wp\/v2\/pages\/1002","targetHints":{"allow":["GET"]}}],"collection":[{"href":"https:\/\/parafiatokarnia.pl\/index.php?rest_route=\/wp\/v2\/pages"}],"about":[{"href":"https:\/\/parafiatokarnia.pl\/index.php?rest_route=\/wp\/v2\/types\/page"}],"author":[{"embeddable":true,"href":"https:\/\/parafiatokarnia.pl\/index.php?rest_route=\/wp\/v2\/users\/2"}],"replies":[{"embeddable":true,"href":"https:\/\/parafiatokarnia.pl\/index.php?rest_route=%2Fwp%2Fv2%2Fcomments&post=1002"}],"version-history":[{"count":2,"href":"https:\/\/parafiatokarnia.pl\/index.php?rest_route=\/wp\/v2\/pages\/1002\/revisions"}],"predecessor-version":[{"id":1061,"href":"https:\/\/parafiatokarnia.pl\/index.php?rest_route=\/wp\/v2\/pages\/1002\/revisions\/1061"}],"up":[{"embeddable":true,"href":"https:\/\/parafiatokarnia.pl\/index.php?rest_route=\/wp\/v2\/pages\/149"}],"wp:attachment":[{"href":"https:\/\/parafiatokarnia.pl\/index.php?rest_route=%2Fwp%2Fv2%2Fmedia&parent=1002"}],"curies":[{"name":"wp","href":"https:\/\/api.w.org\/{rel}","templated":true}]}}